{"id":8250,"date":"2020-11-15T14:28:05","date_gmt":"2020-11-15T14:28:05","guid":{"rendered":"http:\/\/old.aria-net.it\/?page_id=8250"},"modified":"2024-03-18T15:47:18","modified_gmt":"2024-03-18T15:47:18","slug":"chi-siamo","status":"publish","type":"page","link":"https:\/\/old.aria-net.it\/it\/chi-siamo\/","title":{"rendered":"Chi siamo"},"content":{"rendered":"<p>[vc_row css=&#8221;.vc_custom_1605027185835{padding-top: 58px !important;padding-bottom: 0px !important;background-color: #ffffff !important;}&#8221; el_id=&#8221;about-me&#8221;][vc_column width=&#8221;1\/2&#8243;][vc_row_inner][vc_column_inner][\/vc_column_inner][\/vc_row_inner]\n        <div class=\"rs-heading   vc_custom_1607367332391 border-style \">\n        \t<div class=\"title-inner\">\n\t            \n\t            \n\t        <\/div><\/div>[vc_column_text css=&#8221;.vc_custom_1710776803648{border-top-width: 10px !important;}&#8221;]<\/p>\n<p>&nbsp;<\/p>\n<p><strong>ARIANET<\/strong> \u00e8 una societ\u00e0 di consulenza che opera nel campo ambientale fondata alla fine dell\u2019anno 2000 da un gruppo di esperti in modellistica atmosferica, provenienti da centri di ricerca e dal mondo della libera professione.<br \/>\nLo scopo principale di ARIANET \u00e8 di contribuire al miglioramento della<strong> comprensione dell\u2019ambiente atmosferico<\/strong> mediante la<strong> simulazione numerica<\/strong> a diverse scale della meteorologia, dispersione e trasformazione degli inquinanti aeriformi. Campo d\u2019elezione \u00e8 il supporto agli enti pubblici ed alle imprese nella <strong>valutazione di impatto<\/strong> delle opere e degli scarichi industriali, nel <strong>monitoraggio integrato<\/strong> e <strong>previsione della qualit\u00e0 dell\u2019aria<\/strong>, nella progettazione di interventi e <strong>piani di risanamento<\/strong> a scala urbana e di bacino.<br \/>\nLe competenze tematiche e informatiche del personale di ARIANET permettono di rispondere perfettamente a tutti gli aspetti di progetti complessi e di fornire sistemi chiavi in mano per soddisfare le diverse esigenze dei nostri clienti.[\/vc_column_text][\/vc_column][vc_column width=&#8221;1\/2&#8243;][vc_btn title=&#8221;Richiedi un preventivo&#8221; style=&#8221;custom&#8221; custom_background=&#8221;#004986&#8243; custom_text=&#8221;#ffffff&#8221; align=&#8221;right&#8221; link=&#8221;url:http%3A%2F%2Fold.aria-net.it%2Fit%2Frichiedi-un-preventivo%2F|title:Richiedi%20un%20preventivo&#8221;][vc_single_image image=&#8221;9175&#8243; img_size=&#8221;full&#8221; css=&#8221;.vc_custom_1609345889133{margin-bottom: 0px !important;}&#8221;][\/vc_column][vc_column][vc_column_text]Nel 2022, ARIANET \u00e8 cofondatrice della <strong>rete di impresa <a href=\"https:\/\/ecologja.com\/\" target=\"_blank\" rel=\"noopener noreferrer\">Ecologja<\/a><\/strong>, insieme a <a href=\"https:\/\/tcr-tecora.com\/it\/\" target=\"_blank\" rel=\"noopener noreferrer\">TCR-TECORA<\/a>, PMI leader italiana nella fornitura di strumentazione per il monitoraggio di inquinanti nel campo dell\u2019igiene industriale ed ambientale, ed Environ-Lab (ora parte del gruppo Eurofins), che opera nell\u2019ambito del monitoraggio ambientale con servizi di analisi chimiche e microbiologiche per tutti i settori industriali e manifatturieri, all\u2019interno di un sistema di qualit\u00e0 certificato <a href=\"https:\/\/www.accredia.it\/\" target=\"_blank\" rel=\"noopener noreferrer\">Accredia<\/a>, nonch\u00e9 offre consulenza e supporto per la sicurezza negli ambienti di lavoro.<\/p>\n<p>La rete fa riferimento allo Studio Legale Salvemini per il diritto ambientale e sanitario nella totalit\u00e0 dei suoi aspetti, che \u00e8 altres\u00ec garante della rete stessa. Per le competenze sanitarie Ecologja si avvale elettivamente del gruppo di lavoro del Dipartimento Ambiente e Salute dell<a href=\"http:\/\/www.marionegri.it\" target=\"_blank\" rel=\"noopener noreferrer\">&#8216;Istituto di Ricerche Famacologiche Mario Negri<\/a>.<br \/>\nValendosi delle competenze accreditate dei suoi partner, Ecologja fornisce un supporto integrato alle <strong>Valutazioni di Impatto Ambientale e Sanitario<\/strong> (VIAS) ed ai conseguenti <strong>Piani di Monitoraggio Ambientale e Sanitario<\/strong> (PMAS).[\/vc_column_text][vc_column_text]Insieme ad <a href=\"http:\/\/www.aria.fr\" target=\"_blank\" rel=\"noopener noreferrer\">ARIA Technologies<\/a> e <a href=\"https:\/\/troposfera.es\/\" target=\"_blank\" rel=\"noopener noreferrer\">Troposfera<\/a>, ARIANET <a href=\"https:\/\/www.adnkronos.com\/suez-acquisisce-aria-technologies-e-alza-know-how-su-qualita-aria_3CaVITakffbgUCksUysmTH\" target=\"_blank\" rel=\"noopener noreferrer\">fa attualmente parte<\/a> del gruppo <strong><a href=\"https:\/\/www.suez.com\/fr\/actualites\/communiques-de-presse\/avec-l-acquisition-d-aria-technologies-suez-renforce-son-expertise-sur-les-enjeux-de-qualite-d-air\" target=\"_blank\" rel=\"noopener noreferrer\">SUEZ<\/a><\/strong>, integrandone la linea di soluzioni Aria &amp; Clima. Le soluzioni digitali e il know-how di ARIANET completano quindi il portafoglio di SUEZ di soluzioni esistenti per il monitoraggio e il trattamento dell&#8217;aria e saranno offerte in tutto il mondo.<br \/>\nARIA Technologies, basata a Parigi, \u00e8 una societ\u00e0 di consulenza attiva dal 1990 in Francia e nel resto del mondo dove le competenze di specialisti ambientali, ricercatori ed ingegneri collaborano a trovare soluzioni in grado di soddisfare le esigenze dei clienti per studi di rischi cronici e accidentali, odori, qualit\u00e0 dell\u2019aria esterna ed indoor, inventari delle emissioni, meteorologia applicata e clima.<br \/>\nDalla sua fondazione, ARIANET condivide con ARIA Technologies gli sforzi di sviluppo continuo volti ad offrire strumenti modellistici ed informatici al passo con l\u2019evoluzione delle conoscenze tecnico-scientifiche in materia ed in grado di rispondere con efficacia alle diverse esigenze applicative.[\/vc_column_text][\/vc_column][vc_column][\/vc_column][\/vc_row][vc_row full_width=&#8221;stretch_row&#8221; gap=&#8221;35&#8243; content_placement=&#8221;middle&#8221; css=&#8221;.vc_custom_1609845434068{padding-top: 56px !important;padding-bottom: 25px !important;background-color: #f5f5f5 !important;background-position: center !important;background-repeat: no-repeat !important;background-size: cover !important;}&#8221; el_id=&#8221;rs-services&#8221; el_class=&#8221;service-square-effect&#8221;][vc_column][vc_row_inner][vc_column_inner width=&#8221;1\/2&#8243;]<div class=\"rs-services\"><div class=\"service-inner services-style-2  vc_custom_1611326850927 \">\n\t\t\t\t\t<a >\n\t\t\t\t\t<div class=\"services-wrap\"> \n\t\t\t\t\t\t<div class=\"services-item\">\n\t\t\t\t\t\t\t<div class=\"services-icon\">\n\t\t\t\t\t\t\t\t<img decoding=\"async\" src=\"https:\/\/old.aria-net.it\/wp-content\/uploads\/2018\/05\/stationery.png\" alt=\"Rs-service\" \/>\n\t\t\t\t\t\t\t<\/div>\n\t\t\t\t\t\t\t<div class=\"services-desc\">\t\n\t\t\t\t\t\t\t\t<h2 class=\"services-title services-title2\">Modelli matematici<\/h2>\t\t\n\t\t\t\t\t\t\t\tI modelli consentono di simulare l\u2019evoluzione delle sostanze emesse in atmosfera e la loro distribuzione nel tempo e sul territorio. Le attivit\u00e0 antropiche (trasporti, riscaldamento, produzione di energia, industrie, agricoltura) e diversi fenomeni naturali (vulcani, incendi, tempeste di sabbia) sono infatti all\u2019origine di emissioni atmosferiche che possono risultare nocive per l\u2019uomo e gli ecosistemi. Quanto emesso viene trasportato dal vento, disperso dalla turbolenza, reagisce chimicamente dando luogo a composti secondari e si deposita al suolo per contatto superficiale o per rimozione da parte delle precipitazioni. Le concentrazioni in aria dei diversi inquinanti sono dunque il risultato dell\u2019interazione di questi fenomeni. I modelli di simulazione riproducono con diversi gradi di approssimazione e dettaglio la dinamica di questi fenomeni e le loro interazioni, consentendo di stimare il livelli di concentrazioni in aria che ne risultano. \n\t\t\t\t\t\t\t<\/div>\t\t\n\t\t\t\t\t\t<\/div>\n\t\t\t\t\t<\/div>\n\t\t\t\t\t<\/a>\t\n\t\t\t\t<\/div><\/div>[\/vc_column_inner][vc_column_inner width=&#8221;1\/2&#8243;]<div class=\"rs-services\"><div class=\"service-inner services-style-2  vc_custom_1611326894188 \">\n\t\t\t\t\t<a >\n\t\t\t\t\t<div class=\"services-wrap\"> \n\t\t\t\t\t\t<div class=\"services-item\">\n\t\t\t\t\t\t\t<div class=\"services-icon\">\n\t\t\t\t\t\t\t\t<img decoding=\"async\" src=\"https:\/\/old.aria-net.it\/wp-content\/uploads\/2018\/05\/collaboration.png\" alt=\"Rs-service\" \/>\n\t\t\t\t\t\t\t<\/div>\n\t\t\t\t\t\t\t<div class=\"services-desc\">\t\n\t\t\t\t\t\t\t\t<h2 class=\"services-title services-title2\">Valutazione Integrata<\/h2>\t\t\n\t\t\t\t\t\t\t\tARIANET si ispira al concetto di \u201cvalutazione integrata\u201d, che coinvolge virtuosamente, nel supporto alla tutela dell\u2019ambiente e della salute, il monitoraggio, gli inventari delle emissioni, i modelli atmosferici e gli strumenti di pianificazione. I modelli integrati dimostrano ormai affidabilit\u00e0 e le normative europea e italiana ne hanno introdotto l\u2019uso nei diversi contesti per una variet\u00e0 dei scopi: valutazione dei rapporti causa\/effetto (emissioni\/concentrazioni in aria), realizzazione di una\u00a0 copertura territoriale completa, quantificazione dei contributi delle diverse sorgenti, stima dell\u2019inquinamento transfrontaliero, valutazione degli effetti dei piani di mitigazione, previsione in anticipo per informare, allertare e porre in atto eventuali misure di controllo. \n\t\t\t\t\t\t\t<\/div>\t\t\n\t\t\t\t\t\t<\/div>\n\t\t\t\t\t<\/div>\n\t\t\t\t\t<\/a>\t\n\t\t\t\t<\/div><\/div>[\/vc_column_inner][\/vc_row_inner][vc_row_inner][vc_column_inner width=&#8221;1\/2&#8243;]<div class=\"rs-services\"><div class=\"service-inner services-style-2  vc_custom_1611326933978 \">\n\t\t\t\t\t<a >\n\t\t\t\t\t<div class=\"services-wrap\"> \n\t\t\t\t\t\t<div class=\"services-item\">\n\t\t\t\t\t\t\t<div class=\"services-icon\">\n\t\t\t\t\t\t\t\t<img decoding=\"async\" src=\"https:\/\/old.aria-net.it\/wp-content\/uploads\/2018\/08\/creativity1.png\" alt=\"Rs-service\" \/>\n\t\t\t\t\t\t\t<\/div>\n\t\t\t\t\t\t\t<div class=\"services-desc\">\t\n\t\t\t\t\t\t\t\t<h2 class=\"services-title services-title2\">Ricerca e innovazione<\/h2>\t\t\n\t\t\t\t\t\t\t\tLa vocazione all\u2019innovazione di ARIANET \u00e8 da sempre volta a realizzare sistemi di simulazione e fornire servizi che riflettano al meglio lo stato dell\u2019arte corrente delle conoscenze tecnico-scientifiche in materia ed a renderle fruibili ai propri clienti. A tal scopo \u00e8 da sempre impegnata a dialogare attivamente con il mondo delle universit\u00e0 e della ricerca italiana ed internazionale, contribuendo alla formazione di giovani ricercatori, promuovendo collaborazioni ed attivit\u00e0 comuni di sviluppo, partecipando a progetti di ricerca nazionali e comunitari con istituti di ricerca di primo livello. \n\t\t\t\t\t\t\t<\/div>\t\t\n\t\t\t\t\t\t<\/div>\n\t\t\t\t\t<\/div>\n\t\t\t\t\t<\/a>\t\n\t\t\t\t<\/div><\/div>[\/vc_column_inner][vc_column_inner width=&#8221;1\/2&#8243;]<div class=\"rs-services\"><div class=\"service-inner services-style-2  vc_custom_1611326962664 \">\n\t\t\t\t\t<a >\n\t\t\t\t\t<div class=\"services-wrap\"> \n\t\t\t\t\t\t<div class=\"services-item\">\n\t\t\t\t\t\t\t<div class=\"services-icon\">\n\t\t\t\t\t\t\t\t<img decoding=\"async\" src=\"https:\/\/old.aria-net.it\/wp-content\/uploads\/2018\/08\/typewriter1.png\" alt=\"Rs-service\" \/>\n\t\t\t\t\t\t\t<\/div>\n\t\t\t\t\t\t\t<div class=\"services-desc\">\t\n\t\t\t\t\t\t\t\t<h2 class=\"services-title services-title2\">Pubblicazioni<\/h2>\t\t\n\t\t\t\t\t\t\t\tL\u2019attenzione sempre diretta agli aspetti innovativi nei diversi progetti e le sinergie con il mondo della ricerca sono testimoniate anche dalle numerose pubblicazioni su riviste scientifiche e la partecipazione a convegni nazionali ed internazionali da parte dei membri del team di ARIANET. Queste rendono conto sia degli sforzi profusi nell\u2019avanzamento delle soluzioni modellistiche, sia delle loro applicazioni alle diverse realt\u00e0 di interesse per clienti pubblici e privati.<\/p>\n<p><a href=\"https:\/\/old.aria-net.it\/category\/pubblicazioni\/\">Tutte le pubblicazioni<\/a> \n\t\t\t\t\t\t\t<\/div>\t\t\n\t\t\t\t\t\t<\/div>\n\t\t\t\t\t<\/div>\n\t\t\t\t\t<\/a>\t\n\t\t\t\t<\/div><\/div>[\/vc_column_inner][\/vc_row_inner][\/vc_column][\/vc_row][vc_row][vc_column]\n        <div class=\"rs-heading    center\">\n        \t<div class=\"title-inner\">\n\t            \n\t            <h2>Lo Staff<\/h2>\n\t        <\/div><\/div>[\/vc_column][\/vc_row][vc_row][vc_column]<div class=\"rs-team\"><div class=\"team-gird\"><div class=\"col-md-3 col-sm-6 col-xs-12 team-style1\">\n\t\t\t\t\t\t\t<div class=\"team-item\">\n\t\t\t\t\t\t\t\t<div class=\"team-item-inner\">\n\t\t\t\t\t\t\t\t\t<img decoding=\"async\" src=\"https:\/\/old.aria-net.it\/wp-content\/uploads\/2021\/01\/Calori.png\" alt=\"Giuseppe Calori\" \/>\n\t\t\t\t\t\t\t\t\t<div class=\"normal-text\">\n\t\t\t\t\t\t\t\t\t\t<span class=\"person-name\"><a href=\"https:\/\/old.aria-net.it\/it\/membri\/giuseppe-calori\/\">Giuseppe Calori<\/a><\/span>\n\t\t\t\t\t\t\t\t\t\t<span class=\"person-designation\"><\/span>\n\t\t\t\t\t\t\t\t\t<\/div>\n\t\t\t\t\t\t\t\t\t<div class=\"team-content\">\n\t\t\t\t\t\t\t\t\t\t<div class=\"display-table\">\n\t\t\t\t\t\t\t\t\t\t\t<div class=\"display-table-cell\">\n\t\t\t\t\t\t\t\t\t\t\t  <h3 class=\"team-name\"><a href=\"https:\/\/old.aria-net.it\/it\/membri\/giuseppe-calori\/\">Giuseppe Calori<\/a><\/h3>\n\t\t\t\t\t\t\t\t\t\t\t  <span class=\"team-title\"><\/span>\n\t\t\t\t\t\t\t\t\t\t\t    <div class=\"overlay-element\">\n\t\t\t\t\t\t\t\t\t\t\t        <div class=\"social-icons\">\n\t\t\t\t\t\t\t\t\t\t\t\t\t\t\n\t\t\t\t\t\t\t\t\t\t\t\t\t\t<a target=\"_blank\" href=\"https:\/\/scholar.google.com\/citations?hl=it&user=0lQYN0oAAAAJ\" class=\"social-icon\"><i class=\"ai ai-google-scholar\"><\/i><\/a> \n\t\t\t\t\t\t\t\t\t\t\t\t\t\t\n\t\t\t\t\t\t\t\t\t\t\t\t\t\t\n\t\t\t\t\t\t\t\t\t\t\t        <\/div>\n\t\t\t\t\t\t\t\t\t\t\t    <\/div>\n\t\t\t\t\t\t\t\t\t\t\t<\/div>\n\t\t\t\t\t\t\t\t\t\t<\/div>\n\t\t\t\t\t\t\t\t\t<\/div>\n\t\t\t\t\t\t\t\t<\/div>\n\t\t\t\t\t\t  \t<\/div>\n\t\t\t  \t\t\t<\/div><div class=\"col-md-3 col-sm-6 col-xs-12 team-style1\">\n\t\t\t\t\t\t\t<div class=\"team-item\">\n\t\t\t\t\t\t\t\t<div class=\"team-item-inner\">\n\t\t\t\t\t\t\t\t\t<img decoding=\"async\" src=\"https:\/\/old.aria-net.it\/wp-content\/uploads\/2021\/01\/download.jpg\" alt=\"Sandro Finardi\" \/>\n\t\t\t\t\t\t\t\t\t<div class=\"normal-text\">\n\t\t\t\t\t\t\t\t\t\t<span class=\"person-name\"><a href=\"https:\/\/old.aria-net.it\/it\/membri\/sandro-finardi\/\">Sandro Finardi<\/a><\/span>\n\t\t\t\t\t\t\t\t\t\t<span class=\"person-designation\"><\/span>\n\t\t\t\t\t\t\t\t\t<\/div>\n\t\t\t\t\t\t\t\t\t<div class=\"team-content\">\n\t\t\t\t\t\t\t\t\t\t<div class=\"display-table\">\n\t\t\t\t\t\t\t\t\t\t\t<div class=\"display-table-cell\">\n\t\t\t\t\t\t\t\t\t\t\t  <h3 class=\"team-name\"><a href=\"https:\/\/old.aria-net.it\/it\/membri\/sandro-finardi\/\">Sandro Finardi<\/a><\/h3>\n\t\t\t\t\t\t\t\t\t\t\t  <span class=\"team-title\"><\/span>\n\t\t\t\t\t\t\t\t\t\t\t    <div class=\"overlay-element\">\n\t\t\t\t\t\t\t\t\t\t\t        <div class=\"social-icons\">\n\t\t\t\t\t\t\t\t\t\t\t\t\t\t\n\t\t\t\t\t\t\t\t\t\t\t\t\t\t<a target=\"_blank\" href=\"https:\/\/scholar.google.it\/citations?user=mqsoXDcAAAAJ&hl\" class=\"social-icon\"><i class=\"ai ai-google-scholar\"><\/i><\/a> \n\t\t\t\t\t\t\t\t\t\t\t\t\t\t\n\t\t\t\t\t\t\t\t\t\t\t\t\t\t\n\t\t\t\t\t\t\t\t\t\t\t        <\/div>\n\t\t\t\t\t\t\t\t\t\t\t    <\/div>\n\t\t\t\t\t\t\t\t\t\t\t<\/div>\n\t\t\t\t\t\t\t\t\t\t<\/div>\n\t\t\t\t\t\t\t\t\t<\/div>\n\t\t\t\t\t\t\t\t<\/div>\n\t\t\t\t\t\t  \t<\/div>\n\t\t\t  \t\t\t<\/div><div class=\"col-md-3 col-sm-6 col-xs-12 team-style1\">\n\t\t\t\t\t\t\t<div class=\"team-item\">\n\t\t\t\t\t\t\t\t<div class=\"team-item-inner\">\n\t\t\t\t\t\t\t\t\t<img decoding=\"async\" src=\"https:\/\/old.aria-net.it\/wp-content\/uploads\/2018\/07\/Foto_Alessandro-1.jpg\" alt=\"Alessandro Nanni\" \/>\n\t\t\t\t\t\t\t\t\t<div class=\"normal-text\">\n\t\t\t\t\t\t\t\t\t\t<span class=\"person-name\"><a href=\"https:\/\/old.aria-net.it\/it\/membri\/alessandro-nanni\/\">Alessandro Nanni<\/a><\/span>\n\t\t\t\t\t\t\t\t\t\t<span class=\"person-designation\"><\/span>\n\t\t\t\t\t\t\t\t\t<\/div>\n\t\t\t\t\t\t\t\t\t<div class=\"team-content\">\n\t\t\t\t\t\t\t\t\t\t<div class=\"display-table\">\n\t\t\t\t\t\t\t\t\t\t\t<div class=\"display-table-cell\">\n\t\t\t\t\t\t\t\t\t\t\t  <h3 class=\"team-name\"><a href=\"https:\/\/old.aria-net.it\/it\/membri\/alessandro-nanni\/\">Alessandro Nanni<\/a><\/h3>\n\t\t\t\t\t\t\t\t\t\t\t  <span class=\"team-title\"><\/span>\n\t\t\t\t\t\t\t\t\t\t\t    <div class=\"overlay-element\">\n\t\t\t\t\t\t\t\t\t\t\t        <div class=\"social-icons\">\n\t\t\t\t\t\t\t\t\t\t\t\t\t\t\n\t\t\t\t\t\t\t\t\t\t\t\t\t\t\n\t\t\t\t\t\t\t\t\t\t\t\t\t\t\n\t\t\t\t\t\t\t\t\t\t\t\t\t\t<a target=\"_blank\" href=\"https:\/\/www.linkedin.com\/in\/alessandro-nanni-17102943\/\" class=\"social-icon\"><i class=\"fa fa-linkedin\"><\/i><\/a>\n\t\t\t\t\t\t\t\t\t\t\t        <\/div>\n\t\t\t\t\t\t\t\t\t\t\t    <\/div>\n\t\t\t\t\t\t\t\t\t\t\t<\/div>\n\t\t\t\t\t\t\t\t\t\t<\/div>\n\t\t\t\t\t\t\t\t\t<\/div>\n\t\t\t\t\t\t\t\t<\/div>\n\t\t\t\t\t\t  \t<\/div>\n\t\t\t  \t\t\t<\/div><div class=\"col-md-3 col-sm-6 col-xs-12 team-style1\">\n\t\t\t\t\t\t\t<div class=\"team-item\">\n\t\t\t\t\t\t\t\t<div class=\"team-item-inner\">\n\t\t\t\t\t\t\t\t\t<img decoding=\"async\" src=\"https:\/\/old.aria-net.it\/wp-content\/uploads\/2018\/07\/camillo_ci_foto-e1609865013334.png\" alt=\"Camillo Silibello\" \/>\n\t\t\t\t\t\t\t\t\t<div class=\"normal-text\">\n\t\t\t\t\t\t\t\t\t\t<span class=\"person-name\"><a href=\"https:\/\/old.aria-net.it\/it\/membri\/camillo-silibello\/\">Camillo Silibello<\/a><\/span>\n\t\t\t\t\t\t\t\t\t\t<span class=\"person-designation\"><\/span>\n\t\t\t\t\t\t\t\t\t<\/div>\n\t\t\t\t\t\t\t\t\t<div class=\"team-content\">\n\t\t\t\t\t\t\t\t\t\t<div class=\"display-table\">\n\t\t\t\t\t\t\t\t\t\t\t<div class=\"display-table-cell\">\n\t\t\t\t\t\t\t\t\t\t\t  <h3 class=\"team-name\"><a href=\"https:\/\/old.aria-net.it\/it\/membri\/camillo-silibello\/\">Camillo Silibello<\/a><\/h3>\n\t\t\t\t\t\t\t\t\t\t\t  <span class=\"team-title\"><\/span>\n\t\t\t\t\t\t\t\t\t\t\t    <div class=\"overlay-element\">\n\t\t\t\t\t\t\t\t\t\t\t        <div class=\"social-icons\">\n\t\t\t\t\t\t\t\t\t\t\t\t\t\t\n\t\t\t\t\t\t\t\t\t\t\t\t\t\t<a target=\"_blank\" href=\"https:\/\/scholar.google.co.uk\/citations?user=hE95hJAAAAAJ\" class=\"social-icon\"><i class=\"ai ai-google-scholar\"><\/i><\/a> \n\t\t\t\t\t\t\t\t\t\t\t\t\t\t\n\t\t\t\t\t\t\t\t\t\t\t\t\t\t\n\t\t\t\t\t\t\t\t\t\t\t        <\/div>\n\t\t\t\t\t\t\t\t\t\t\t    <\/div>\n\t\t\t\t\t\t\t\t\t\t\t<\/div>\n\t\t\t\t\t\t\t\t\t\t<\/div>\n\t\t\t\t\t\t\t\t\t<\/div>\n\t\t\t\t\t\t\t\t<\/div>\n\t\t\t\t\t\t  \t<\/div>\n\t\t\t  \t\t\t<\/div><div class=\"col-md-3 col-sm-6 col-xs-12 team-style1\">\n\t\t\t\t\t\t\t<div class=\"team-item\">\n\t\t\t\t\t\t\t\t<div class=\"team-item-inner\">\n\t\t\t\t\t\t\t\t\t<img decoding=\"async\" src=\"https:\/\/old.aria-net.it\/wp-content\/uploads\/2017\/11\/tinarelli_foto-scaled-e1611047488440.jpg\" alt=\"Gianni Tinarelli\" \/>\n\t\t\t\t\t\t\t\t\t<div class=\"normal-text\">\n\t\t\t\t\t\t\t\t\t\t<span class=\"person-name\"><a href=\"https:\/\/old.aria-net.it\/it\/membri\/gianni-tinarelli\/\">Gianni Tinarelli<\/a><\/span>\n\t\t\t\t\t\t\t\t\t\t<span class=\"person-designation\"><\/span>\n\t\t\t\t\t\t\t\t\t<\/div>\n\t\t\t\t\t\t\t\t\t<div class=\"team-content\">\n\t\t\t\t\t\t\t\t\t\t<div class=\"display-table\">\n\t\t\t\t\t\t\t\t\t\t\t<div class=\"display-table-cell\">\n\t\t\t\t\t\t\t\t\t\t\t  <h3 class=\"team-name\"><a href=\"https:\/\/old.aria-net.it\/it\/membri\/gianni-tinarelli\/\">Gianni Tinarelli<\/a><\/h3>\n\t\t\t\t\t\t\t\t\t\t\t  <span class=\"team-title\"><\/span>\n\t\t\t\t\t\t\t\t\t\t\t    <div class=\"overlay-element\">\n\t\t\t\t\t\t\t\t\t\t\t        <div class=\"social-icons\">\n\t\t\t\t\t\t\t\t\t\t\t\t\t\t\n\t\t\t\t\t\t\t\t\t\t\t\t\t\t\n\t\t\t\t\t\t\t\t\t\t\t\t\t\t\n\t\t\t\t\t\t\t\t\t\t\t\t\t\t<a target=\"_blank\" href=\"https:\/\/www.linkedin.com\/in\/gianni-tinarelli-5b408611\/\" class=\"social-icon\"><i class=\"fa fa-linkedin\"><\/i><\/a>\n\t\t\t\t\t\t\t\t\t\t\t        <\/div>\n\t\t\t\t\t\t\t\t\t\t\t    <\/div>\n\t\t\t\t\t\t\t\t\t\t\t<\/div>\n\t\t\t\t\t\t\t\t\t\t<\/div>\n\t\t\t\t\t\t\t\t\t<\/div>\n\t\t\t\t\t\t\t\t<\/div>\n\t\t\t\t\t\t  \t<\/div>\n\t\t\t  \t\t\t<\/div><div class=\"col-md-3 col-sm-6 col-xs-12 team-style1\">\n\t\t\t\t\t\t\t<div class=\"team-item\">\n\t\t\t\t\t\t\t\t<div class=\"team-item-inner\">\n\t\t\t\t\t\t\t\t\t<img decoding=\"async\" src=\"https:\/\/old.aria-net.it\/wp-content\/uploads\/2018\/07\/Alessio.jpg\" alt=\"Alessio D&#8217;Allura\" \/>\n\t\t\t\t\t\t\t\t\t<div class=\"normal-text\">\n\t\t\t\t\t\t\t\t\t\t<span class=\"person-name\"><a href=\"https:\/\/old.aria-net.it\/it\/membri\/alessio-dallura\/\">Alessio D&#8217;Allura<\/a><\/span>\n\t\t\t\t\t\t\t\t\t\t<span class=\"person-designation\"><\/span>\n\t\t\t\t\t\t\t\t\t<\/div>\n\t\t\t\t\t\t\t\t\t<div class=\"team-content\">\n\t\t\t\t\t\t\t\t\t\t<div class=\"display-table\">\n\t\t\t\t\t\t\t\t\t\t\t<div class=\"display-table-cell\">\n\t\t\t\t\t\t\t\t\t\t\t  <h3 class=\"team-name\"><a href=\"https:\/\/old.aria-net.it\/it\/membri\/alessio-dallura\/\">Alessio D&#8217;Allura<\/a><\/h3>\n\t\t\t\t\t\t\t\t\t\t\t  <span class=\"team-title\"><\/span>\n\t\t\t\t\t\t\t\t\t\t\t    <div class=\"overlay-element\">\n\t\t\t\t\t\t\t\t\t\t\t        <div class=\"social-icons\">\n\t\t\t\t\t\t\t\t\t\t\t\t\t\t\n\t\t\t\t\t\t\t\t\t\t\t\t\t\t<a target=\"_blank\" href=\"https:\/\/scholar.google.it\/citations?user=MFSCjjoAAAAJ&hl=en\" class=\"social-icon\"><i class=\"ai ai-google-scholar\"><\/i><\/a> \n\t\t\t\t\t\t\t\t\t\t\t\t\t\t\n\t\t\t\t\t\t\t\t\t\t\t\t\t\t<a target=\"_blank\" href=\"https:\/\/www.linkedin.com\/in\/alessio-d-allura-b1b4313b\/\" class=\"social-icon\"><i class=\"fa fa-linkedin\"><\/i><\/a>\n\t\t\t\t\t\t\t\t\t\t\t        <\/div>\n\t\t\t\t\t\t\t\t\t\t\t    <\/div>\n\t\t\t\t\t\t\t\t\t\t\t<\/div>\n\t\t\t\t\t\t\t\t\t\t<\/div>\n\t\t\t\t\t\t\t\t\t<\/div>\n\t\t\t\t\t\t\t\t<\/div>\n\t\t\t\t\t\t  \t<\/div>\n\t\t\t  \t\t\t<\/div><div class=\"col-md-3 col-sm-6 col-xs-12 team-style1\">\n\t\t\t\t\t\t\t<div class=\"team-item\">\n\t\t\t\t\t\t\t\t<div class=\"team-item-inner\">\n\t\t\t\t\t\t\t\t\t<img decoding=\"async\" src=\"https:\/\/old.aria-net.it\/wp-content\/uploads\/2018\/07\/xCV-e1610811143141.jpg\" alt=\"Paola Radice\" \/>\n\t\t\t\t\t\t\t\t\t<div class=\"normal-text\">\n\t\t\t\t\t\t\t\t\t\t<span class=\"person-name\"><a href=\"https:\/\/old.aria-net.it\/it\/membri\/paola-radice\/\">Paola Radice<\/a><\/span>\n\t\t\t\t\t\t\t\t\t\t<span class=\"person-designation\"><\/span>\n\t\t\t\t\t\t\t\t\t<\/div>\n\t\t\t\t\t\t\t\t\t<div class=\"team-content\">\n\t\t\t\t\t\t\t\t\t\t<div class=\"display-table\">\n\t\t\t\t\t\t\t\t\t\t\t<div class=\"display-table-cell\">\n\t\t\t\t\t\t\t\t\t\t\t  <h3 class=\"team-name\"><a href=\"https:\/\/old.aria-net.it\/it\/membri\/paola-radice\/\">Paola Radice<\/a><\/h3>\n\t\t\t\t\t\t\t\t\t\t\t  <span class=\"team-title\"><\/span>\n\t\t\t\t\t\t\t\t\t\t\t    <div class=\"overlay-element\">\n\t\t\t\t\t\t\t\t\t\t\t        <div class=\"social-icons\">\n\t\t\t\t\t\t\t\t\t\t\t\t\t\t\n\t\t\t\t\t\t\t\t\t\t\t\t\t\t\n\t\t\t\t\t\t\t\t\t\t\t\t\t\t\n\t\t\t\t\t\t\t\t\t\t\t\t\t\t<a target=\"_blank\" href=\"https:\/\/www.linkedin.com\/in\/paola-radice\/\" class=\"social-icon\"><i class=\"fa fa-linkedin\"><\/i><\/a>\n\t\t\t\t\t\t\t\t\t\t\t        <\/div>\n\t\t\t\t\t\t\t\t\t\t\t    <\/div>\n\t\t\t\t\t\t\t\t\t\t\t<\/div>\n\t\t\t\t\t\t\t\t\t\t<\/div>\n\t\t\t\t\t\t\t\t\t<\/div>\n\t\t\t\t\t\t\t\t<\/div>\n\t\t\t\t\t\t  \t<\/div>\n\t\t\t  \t\t\t<\/div><div class=\"col-md-3 col-sm-6 col-xs-12 team-style1\">\n\t\t\t\t\t\t\t<div class=\"team-item\">\n\t\t\t\t\t\t\t\t<div class=\"team-item-inner\">\n\t\t\t\t\t\t\t\t\t<img decoding=\"async\" src=\"https:\/\/old.aria-net.it\/wp-content\/uploads\/2018\/07\/PozziC_profilo3-e1610536805581.jpg\" alt=\"Cristina Pozzi\" \/>\n\t\t\t\t\t\t\t\t\t<div class=\"normal-text\">\n\t\t\t\t\t\t\t\t\t\t<span class=\"person-name\"><a href=\"https:\/\/old.aria-net.it\/it\/membri\/cristina-pozzi\/\">Cristina Pozzi<\/a><\/span>\n\t\t\t\t\t\t\t\t\t\t<span class=\"person-designation\"><\/span>\n\t\t\t\t\t\t\t\t\t<\/div>\n\t\t\t\t\t\t\t\t\t<div class=\"team-content\">\n\t\t\t\t\t\t\t\t\t\t<div class=\"display-table\">\n\t\t\t\t\t\t\t\t\t\t\t<div class=\"display-table-cell\">\n\t\t\t\t\t\t\t\t\t\t\t  <h3 class=\"team-name\"><a href=\"https:\/\/old.aria-net.it\/it\/membri\/cristina-pozzi\/\">Cristina Pozzi<\/a><\/h3>\n\t\t\t\t\t\t\t\t\t\t\t  <span class=\"team-title\"><\/span>\n\t\t\t\t\t\t\t\t\t\t\t    <div class=\"overlay-element\">\n\t\t\t\t\t\t\t\t\t\t\t        <div class=\"social-icons\">\n\t\t\t\t\t\t\t\t\t\t\t\t\t\t\n\t\t\t\t\t\t\t\t\t\t\t\t\t\t\n\t\t\t\t\t\t\t\t\t\t\t\t\t\t\n\t\t\t\t\t\t\t\t\t\t\t\t\t\t\n\t\t\t\t\t\t\t\t\t\t\t        <\/div>\n\t\t\t\t\t\t\t\t\t\t\t    <\/div>\n\t\t\t\t\t\t\t\t\t\t\t<\/div>\n\t\t\t\t\t\t\t\t\t\t<\/div>\n\t\t\t\t\t\t\t\t\t<\/div>\n\t\t\t\t\t\t\t\t<\/div>\n\t\t\t\t\t\t  \t<\/div>\n\t\t\t  \t\t\t<\/div><div class=\"col-md-3 col-sm-6 col-xs-12 team-style1\">\n\t\t\t\t\t\t\t<div class=\"team-item\">\n\t\t\t\t\t\t\t\t<div class=\"team-item-inner\">\n\t\t\t\t\t\t\t\t\t<img decoding=\"async\" src=\"https:\/\/old.aria-net.it\/wp-content\/uploads\/2020\/12\/daniela-e1611303014354.jpeg\" alt=\"Daniela Barbero\" \/>\n\t\t\t\t\t\t\t\t\t<div class=\"normal-text\">\n\t\t\t\t\t\t\t\t\t\t<span class=\"person-name\"><a href=\"https:\/\/old.aria-net.it\/it\/membri\/daniela-barbero\/\">Daniela Barbero<\/a><\/span>\n\t\t\t\t\t\t\t\t\t\t<span class=\"person-designation\"><\/span>\n\t\t\t\t\t\t\t\t\t<\/div>\n\t\t\t\t\t\t\t\t\t<div class=\"team-content\">\n\t\t\t\t\t\t\t\t\t\t<div class=\"display-table\">\n\t\t\t\t\t\t\t\t\t\t\t<div class=\"display-table-cell\">\n\t\t\t\t\t\t\t\t\t\t\t  <h3 class=\"team-name\"><a href=\"https:\/\/old.aria-net.it\/it\/membri\/daniela-barbero\/\">Daniela Barbero<\/a><\/h3>\n\t\t\t\t\t\t\t\t\t\t\t  <span class=\"team-title\"><\/span>\n\t\t\t\t\t\t\t\t\t\t\t    <div class=\"overlay-element\">\n\t\t\t\t\t\t\t\t\t\t\t        <div class=\"social-icons\">\n\t\t\t\t\t\t\t\t\t\t\t\t\t\t\n\t\t\t\t\t\t\t\t\t\t\t\t\t\t\n\t\t\t\t\t\t\t\t\t\t\t\t\t\t\n\t\t\t\t\t\t\t\t\t\t\t\t\t\t<a target=\"_blank\" href=\"https:\/\/www.linkedin.com\/in\/daniela-barbero-585163250\/\" class=\"social-icon\"><i class=\"fa fa-linkedin\"><\/i><\/a>\n\t\t\t\t\t\t\t\t\t\t\t        <\/div>\n\t\t\t\t\t\t\t\t\t\t\t    <\/div>\n\t\t\t\t\t\t\t\t\t\t\t<\/div>\n\t\t\t\t\t\t\t\t\t\t<\/div>\n\t\t\t\t\t\t\t\t\t<\/div>\n\t\t\t\t\t\t\t\t<\/div>\n\t\t\t\t\t\t  \t<\/div>\n\t\t\t  \t\t\t<\/div><div class=\"col-md-3 col-sm-6 col-xs-12 team-style1\">\n\t\t\t\t\t\t\t<div class=\"team-item\">\n\t\t\t\t\t\t\t\t<div class=\"team-item-inner\">\n\t\t\t\t\t\t\t\t\t<img decoding=\"async\" src=\"https:\/\/old.aria-net.it\/wp-content\/uploads\/2021\/01\/NicolaPepe-e1665753364390.jpg\" alt=\"Nicola Pepe\" \/>\n\t\t\t\t\t\t\t\t\t<div class=\"normal-text\">\n\t\t\t\t\t\t\t\t\t\t<span class=\"person-name\"><a href=\"https:\/\/old.aria-net.it\/it\/membri\/nicola-pepe\/\">Nicola Pepe<\/a><\/span>\n\t\t\t\t\t\t\t\t\t\t<span class=\"person-designation\"><\/span>\n\t\t\t\t\t\t\t\t\t<\/div>\n\t\t\t\t\t\t\t\t\t<div class=\"team-content\">\n\t\t\t\t\t\t\t\t\t\t<div class=\"display-table\">\n\t\t\t\t\t\t\t\t\t\t\t<div class=\"display-table-cell\">\n\t\t\t\t\t\t\t\t\t\t\t  <h3 class=\"team-name\"><a href=\"https:\/\/old.aria-net.it\/it\/membri\/nicola-pepe\/\">Nicola Pepe<\/a><\/h3>\n\t\t\t\t\t\t\t\t\t\t\t  <span class=\"team-title\"><\/span>\n\t\t\t\t\t\t\t\t\t\t\t    <div class=\"overlay-element\">\n\t\t\t\t\t\t\t\t\t\t\t        <div class=\"social-icons\">\n\t\t\t\t\t\t\t\t\t\t\t\t\t\t\n\t\t\t\t\t\t\t\t\t\t\t\t\t\t\n\t\t\t\t\t\t\t\t\t\t\t\t\t\t\n\t\t\t\t\t\t\t\t\t\t\t\t\t\t<a target=\"_blank\" href=\"https:\/\/www.linkedin.com\/in\/nicola-pepe-phd-a3a16082\/\" class=\"social-icon\"><i class=\"fa fa-linkedin\"><\/i><\/a>\n\t\t\t\t\t\t\t\t\t\t\t        <\/div>\n\t\t\t\t\t\t\t\t\t\t\t    <\/div>\n\t\t\t\t\t\t\t\t\t\t\t<\/div>\n\t\t\t\t\t\t\t\t\t\t<\/div>\n\t\t\t\t\t\t\t\t\t<\/div>\n\t\t\t\t\t\t\t\t<\/div>\n\t\t\t\t\t\t  \t<\/div>\n\t\t\t  \t\t\t<\/div><div class=\"col-md-3 col-sm-6 col-xs-12 team-style1\">\n\t\t\t\t\t\t\t<div class=\"team-item\">\n\t\t\t\t\t\t\t\t<div class=\"team-item-inner\">\n\t\t\t\t\t\t\t\t\t<img decoding=\"async\" src=\"https:\/\/old.aria-net.it\/wp-content\/uploads\/2022\/05\/ElisaSpecchia-scaled-e1652256053516.jpg\" alt=\"Elisa Specchia\" \/>\n\t\t\t\t\t\t\t\t\t<div class=\"normal-text\">\n\t\t\t\t\t\t\t\t\t\t<span class=\"person-name\"><a href=\"https:\/\/old.aria-net.it\/it\/membri\/elisa-specchia\/\">Elisa Specchia<\/a><\/span>\n\t\t\t\t\t\t\t\t\t\t<span class=\"person-designation\"><\/span>\n\t\t\t\t\t\t\t\t\t<\/div>\n\t\t\t\t\t\t\t\t\t<div class=\"team-content\">\n\t\t\t\t\t\t\t\t\t\t<div class=\"display-table\">\n\t\t\t\t\t\t\t\t\t\t\t<div class=\"display-table-cell\">\n\t\t\t\t\t\t\t\t\t\t\t  <h3 class=\"team-name\"><a href=\"https:\/\/old.aria-net.it\/it\/membri\/elisa-specchia\/\">Elisa Specchia<\/a><\/h3>\n\t\t\t\t\t\t\t\t\t\t\t  <span class=\"team-title\"><\/span>\n\t\t\t\t\t\t\t\t\t\t\t    <div class=\"overlay-element\">\n\t\t\t\t\t\t\t\t\t\t\t        <div class=\"social-icons\">\n\t\t\t\t\t\t\t\t\t\t\t\t\t\t\n\t\t\t\t\t\t\t\t\t\t\t\t\t\t\n\t\t\t\t\t\t\t\t\t\t\t\t\t\t\n\t\t\t\t\t\t\t\t\t\t\t\t\t\t<a target=\"_blank\" href=\"https:\/\/www.linkedin.com\/in\/elisa-specchia\/\" class=\"social-icon\"><i class=\"fa fa-linkedin\"><\/i><\/a>\n\t\t\t\t\t\t\t\t\t\t\t        <\/div>\n\t\t\t\t\t\t\t\t\t\t\t    <\/div>\n\t\t\t\t\t\t\t\t\t\t\t<\/div>\n\t\t\t\t\t\t\t\t\t\t<\/div>\n\t\t\t\t\t\t\t\t\t<\/div>\n\t\t\t\t\t\t\t\t<\/div>\n\t\t\t\t\t\t  \t<\/div>\n\t\t\t  \t\t\t<\/div><div class=\"col-md-3 col-sm-6 col-xs-12 team-style1\">\n\t\t\t\t\t\t\t<div class=\"team-item\">\n\t\t\t\t\t\t\t\t<div class=\"team-item-inner\">\n\t\t\t\t\t\t\t\t\t<img decoding=\"async\" src=\"https:\/\/old.aria-net.it\/wp-content\/uploads\/2022\/10\/UmbertoGiurato.jpg\" alt=\"Umberto Giuriato\" \/>\n\t\t\t\t\t\t\t\t\t<div class=\"normal-text\">\n\t\t\t\t\t\t\t\t\t\t<span class=\"person-name\"><a href=\"https:\/\/old.aria-net.it\/it\/membri\/umberto-giuriato\/\">Umberto Giuriato<\/a><\/span>\n\t\t\t\t\t\t\t\t\t\t<span class=\"person-designation\"><\/span>\n\t\t\t\t\t\t\t\t\t<\/div>\n\t\t\t\t\t\t\t\t\t<div class=\"team-content\">\n\t\t\t\t\t\t\t\t\t\t<div class=\"display-table\">\n\t\t\t\t\t\t\t\t\t\t\t<div class=\"display-table-cell\">\n\t\t\t\t\t\t\t\t\t\t\t  <h3 class=\"team-name\"><a href=\"https:\/\/old.aria-net.it\/it\/membri\/umberto-giuriato\/\">Umberto Giuriato<\/a><\/h3>\n\t\t\t\t\t\t\t\t\t\t\t  <span class=\"team-title\"><\/span>\n\t\t\t\t\t\t\t\t\t\t\t    <div class=\"overlay-element\">\n\t\t\t\t\t\t\t\t\t\t\t        <div class=\"social-icons\">\n\t\t\t\t\t\t\t\t\t\t\t\t\t\t\n\t\t\t\t\t\t\t\t\t\t\t\t\t\t\n\t\t\t\t\t\t\t\t\t\t\t\t\t\t\n\t\t\t\t\t\t\t\t\t\t\t\t\t\t<a target=\"_blank\" href=\"https:\/\/www.linkedin.com\/in\/umberto-giuriato\/\" class=\"social-icon\"><i class=\"fa fa-linkedin\"><\/i><\/a>\n\t\t\t\t\t\t\t\t\t\t\t        <\/div>\n\t\t\t\t\t\t\t\t\t\t\t    <\/div>\n\t\t\t\t\t\t\t\t\t\t\t<\/div>\n\t\t\t\t\t\t\t\t\t\t<\/div>\n\t\t\t\t\t\t\t\t\t<\/div>\n\t\t\t\t\t\t\t\t<\/div>\n\t\t\t\t\t\t  \t<\/div>\n\t\t\t  \t\t\t<\/div><div class=\"col-md-3 col-sm-6 col-xs-12 team-style1\">\n\t\t\t\t\t\t\t<div class=\"team-item\">\n\t\t\t\t\t\t\t\t<div class=\"team-item-inner\">\n\t\t\t\t\t\t\t\t\t<img decoding=\"async\" src=\"https:\/\/old.aria-net.it\/wp-content\/uploads\/2023\/09\/ARIANET_Alessandro_DAusilio-e1695280841135.jpg\" alt=\"Alessandro D&#8217;Ausilio\" \/>\n\t\t\t\t\t\t\t\t\t<div class=\"normal-text\">\n\t\t\t\t\t\t\t\t\t\t<span class=\"person-name\"><a href=\"https:\/\/old.aria-net.it\/it\/membri\/alessandro-dausilio\/\">Alessandro D&#8217;Ausilio<\/a><\/span>\n\t\t\t\t\t\t\t\t\t\t<span class=\"person-designation\"><\/span>\n\t\t\t\t\t\t\t\t\t<\/div>\n\t\t\t\t\t\t\t\t\t<div class=\"team-content\">\n\t\t\t\t\t\t\t\t\t\t<div class=\"display-table\">\n\t\t\t\t\t\t\t\t\t\t\t<div class=\"display-table-cell\">\n\t\t\t\t\t\t\t\t\t\t\t  <h3 class=\"team-name\"><a href=\"https:\/\/old.aria-net.it\/it\/membri\/alessandro-dausilio\/\">Alessandro D&#8217;Ausilio<\/a><\/h3>\n\t\t\t\t\t\t\t\t\t\t\t  <span class=\"team-title\"><\/span>\n\t\t\t\t\t\t\t\t\t\t\t    <div class=\"overlay-element\">\n\t\t\t\t\t\t\t\t\t\t\t        <div class=\"social-icons\">\n\t\t\t\t\t\t\t\t\t\t\t\t\t\t\n\t\t\t\t\t\t\t\t\t\t\t\t\t\t\n\t\t\t\t\t\t\t\t\t\t\t\t\t\t\n\t\t\t\t\t\t\t\t\t\t\t\t\t\t<a target=\"_blank\" href=\"https:\/\/www.linkedin.com\/in\/alessandro-d-ausilio-7aba97b9\/\" class=\"social-icon\"><i class=\"fa fa-linkedin\"><\/i><\/a>\n\t\t\t\t\t\t\t\t\t\t\t        <\/div>\n\t\t\t\t\t\t\t\t\t\t\t    <\/div>\n\t\t\t\t\t\t\t\t\t\t\t<\/div>\n\t\t\t\t\t\t\t\t\t\t<\/div>\n\t\t\t\t\t\t\t\t\t<\/div>\n\t\t\t\t\t\t\t\t<\/div>\n\t\t\t\t\t\t  \t<\/div>\n\t\t\t  \t\t\t<\/div><div class=\"col-md-3 col-sm-6 col-xs-12 team-style1\">\n\t\t\t\t\t\t\t<div class=\"team-item\">\n\t\t\t\t\t\t\t\t<div class=\"team-item-inner\">\n\t\t\t\t\t\t\t\t\t<img decoding=\"async\" src=\"https:\/\/old.aria-net.it\/wp-content\/uploads\/2023\/09\/ARIANET_Lorenzo_Leopardi-e1695281077547.jpg\" alt=\"Lorenzo Leopardi\" \/>\n\t\t\t\t\t\t\t\t\t<div class=\"normal-text\">\n\t\t\t\t\t\t\t\t\t\t<span class=\"person-name\"><a href=\"https:\/\/old.aria-net.it\/it\/membri\/lorenzo-leopardi\/\">Lorenzo Leopardi<\/a><\/span>\n\t\t\t\t\t\t\t\t\t\t<span class=\"person-designation\"><\/span>\n\t\t\t\t\t\t\t\t\t<\/div>\n\t\t\t\t\t\t\t\t\t<div class=\"team-content\">\n\t\t\t\t\t\t\t\t\t\t<div class=\"display-table\">\n\t\t\t\t\t\t\t\t\t\t\t<div class=\"display-table-cell\">\n\t\t\t\t\t\t\t\t\t\t\t  <h3 class=\"team-name\"><a href=\"https:\/\/old.aria-net.it\/it\/membri\/lorenzo-leopardi\/\">Lorenzo Leopardi<\/a><\/h3>\n\t\t\t\t\t\t\t\t\t\t\t  <span class=\"team-title\"><\/span>\n\t\t\t\t\t\t\t\t\t\t\t    <div class=\"overlay-element\">\n\t\t\t\t\t\t\t\t\t\t\t        <div class=\"social-icons\">\n\t\t\t\t\t\t\t\t\t\t\t\t\t\t\n\t\t\t\t\t\t\t\t\t\t\t\t\t\t\n\t\t\t\t\t\t\t\t\t\t\t\t\t\t\n\t\t\t\t\t\t\t\t\t\t\t\t\t\t<a target=\"_blank\" href=\"https:\/\/www.linkedin.com\/in\/lorenzo-leopardi\/\" class=\"social-icon\"><i class=\"fa fa-linkedin\"><\/i><\/a>\n\t\t\t\t\t\t\t\t\t\t\t        <\/div>\n\t\t\t\t\t\t\t\t\t\t\t    <\/div>\n\t\t\t\t\t\t\t\t\t\t\t<\/div>\n\t\t\t\t\t\t\t\t\t\t<\/div>\n\t\t\t\t\t\t\t\t\t<\/div>\n\t\t\t\t\t\t\t\t<\/div>\n\t\t\t\t\t\t  \t<\/div>\n\t\t\t  \t\t\t<\/div><div class=\"col-md-3 col-sm-6 col-xs-12 team-style1\">\n\t\t\t\t\t\t\t<div class=\"team-item\">\n\t\t\t\t\t\t\t\t<div class=\"team-item-inner\">\n\t\t\t\t\t\t\t\t\t<img decoding=\"async\" src=\"https:\/\/old.aria-net.it\/wp-content\/uploads\/2024\/10\/ARIANET_Emanuela_Denaro.png\" alt=\"Emanuela Denaro\" \/>\n\t\t\t\t\t\t\t\t\t<div class=\"normal-text\">\n\t\t\t\t\t\t\t\t\t\t<span class=\"person-name\"><a href=\"https:\/\/old.aria-net.it\/it\/membri\/emanuela-denaro\/\">Emanuela Denaro<\/a><\/span>\n\t\t\t\t\t\t\t\t\t\t<span class=\"person-designation\"><\/span>\n\t\t\t\t\t\t\t\t\t<\/div>\n\t\t\t\t\t\t\t\t\t<div class=\"team-content\">\n\t\t\t\t\t\t\t\t\t\t<div class=\"display-table\">\n\t\t\t\t\t\t\t\t\t\t\t<div class=\"display-table-cell\">\n\t\t\t\t\t\t\t\t\t\t\t  <h3 class=\"team-name\"><a href=\"https:\/\/old.aria-net.it\/it\/membri\/emanuela-denaro\/\">Emanuela Denaro<\/a><\/h3>\n\t\t\t\t\t\t\t\t\t\t\t  <span class=\"team-title\"><\/span>\n\t\t\t\t\t\t\t\t\t\t\t    <div class=\"overlay-element\">\n\t\t\t\t\t\t\t\t\t\t\t        <div class=\"social-icons\">\n\t\t\t\t\t\t\t\t\t\t\t\t\t\t\n\t\t\t\t\t\t\t\t\t\t\t\t\t\t\n\t\t\t\t\t\t\t\t\t\t\t\t\t\t\n\t\t\t\t\t\t\t\t\t\t\t\t\t\t\n\t\t\t\t\t\t\t\t\t\t\t        <\/div>\n\t\t\t\t\t\t\t\t\t\t\t    <\/div>\n\t\t\t\t\t\t\t\t\t\t\t<\/div>\n\t\t\t\t\t\t\t\t\t\t<\/div>\n\t\t\t\t\t\t\t\t\t<\/div>\n\t\t\t\t\t\t\t\t<\/div>\n\t\t\t\t\t\t  \t<\/div>\n\t\t\t  \t\t\t<\/div><div class=\"col-md-3 col-sm-6 col-xs-12 team-style1\">\n\t\t\t\t\t\t\t<div class=\"team-item\">\n\t\t\t\t\t\t\t\t<div class=\"team-item-inner\">\n\t\t\t\t\t\t\t\t\t<img decoding=\"async\" src=\"\" alt=\"Amal Salhi\" \/>\n\t\t\t\t\t\t\t\t\t<div class=\"normal-text\">\n\t\t\t\t\t\t\t\t\t\t<span class=\"person-name\"><a href=\"https:\/\/old.aria-net.it\/it\/membri\/amal-salhi\/\">Amal Salhi<\/a><\/span>\n\t\t\t\t\t\t\t\t\t\t<span class=\"person-designation\"><\/span>\n\t\t\t\t\t\t\t\t\t<\/div>\n\t\t\t\t\t\t\t\t\t<div class=\"team-content\">\n\t\t\t\t\t\t\t\t\t\t<div class=\"display-table\">\n\t\t\t\t\t\t\t\t\t\t\t<div class=\"display-table-cell\">\n\t\t\t\t\t\t\t\t\t\t\t  <h3 class=\"team-name\"><a href=\"https:\/\/old.aria-net.it\/it\/membri\/amal-salhi\/\">Amal Salhi<\/a><\/h3>\n\t\t\t\t\t\t\t\t\t\t\t  <span class=\"team-title\"><\/span>\n\t\t\t\t\t\t\t\t\t\t\t    <div class=\"overlay-element\">\n\t\t\t\t\t\t\t\t\t\t\t        <div class=\"social-icons\">\n\t\t\t\t\t\t\t\t\t\t\t\t\t\t\n\t\t\t\t\t\t\t\t\t\t\t\t\t\t\n\t\t\t\t\t\t\t\t\t\t\t\t\t\t\n\t\t\t\t\t\t\t\t\t\t\t\t\t\t\n\t\t\t\t\t\t\t\t\t\t\t        <\/div>\n\t\t\t\t\t\t\t\t\t\t\t    <\/div>\n\t\t\t\t\t\t\t\t\t\t\t<\/div>\n\t\t\t\t\t\t\t\t\t\t<\/div>\n\t\t\t\t\t\t\t\t\t<\/div>\n\t\t\t\t\t\t\t\t<\/div>\n\t\t\t\t\t\t  \t<\/div>\n\t\t\t  \t\t\t<\/div><div class=\"col-md-3 col-sm-6 col-xs-12 team-style1\">\n\t\t\t\t\t\t\t<div class=\"team-item\">\n\t\t\t\t\t\t\t\t<div class=\"team-item-inner\">\n\t\t\t\t\t\t\t\t\t<img decoding=\"async\" src=\"https:\/\/old.aria-net.it\/wp-content\/uploads\/2018\/07\/Giuly_1-e1610991459194.jpg\" alt=\"Giuliana Consonni\" \/>\n\t\t\t\t\t\t\t\t\t<div class=\"normal-text\">\n\t\t\t\t\t\t\t\t\t\t<span class=\"person-name\"><a href=\"https:\/\/old.aria-net.it\/it\/membri\/giuliana-consonni\/\">Giuliana Consonni<\/a><\/span>\n\t\t\t\t\t\t\t\t\t\t<span class=\"person-designation\"><\/span>\n\t\t\t\t\t\t\t\t\t<\/div>\n\t\t\t\t\t\t\t\t\t<div class=\"team-content\">\n\t\t\t\t\t\t\t\t\t\t<div class=\"display-table\">\n\t\t\t\t\t\t\t\t\t\t\t<div class=\"display-table-cell\">\n\t\t\t\t\t\t\t\t\t\t\t  <h3 class=\"team-name\"><a href=\"https:\/\/old.aria-net.it\/it\/membri\/giuliana-consonni\/\">Giuliana Consonni<\/a><\/h3>\n\t\t\t\t\t\t\t\t\t\t\t  <span class=\"team-title\"><\/span>\n\t\t\t\t\t\t\t\t\t\t\t    <div class=\"overlay-element\">\n\t\t\t\t\t\t\t\t\t\t\t        <div class=\"social-icons\">\n\t\t\t\t\t\t\t\t\t\t\t\t\t\t\n\t\t\t\t\t\t\t\t\t\t\t\t\t\t\n\t\t\t\t\t\t\t\t\t\t\t\t\t\t\n\t\t\t\t\t\t\t\t\t\t\t\t\t\t\n\t\t\t\t\t\t\t\t\t\t\t        <\/div>\n\t\t\t\t\t\t\t\t\t\t\t    <\/div>\n\t\t\t\t\t\t\t\t\t\t\t<\/div>\n\t\t\t\t\t\t\t\t\t\t<\/div>\n\t\t\t\t\t\t\t\t\t<\/div>\n\t\t\t\t\t\t\t\t<\/div>\n\t\t\t\t\t\t  \t<\/div>\n\t\t\t  \t\t\t<\/div><div class=\"col-md-3 col-sm-6 col-xs-12 team-style1\">\n\t\t\t\t\t\t\t<div class=\"team-item\">\n\t\t\t\t\t\t\t\t<div class=\"team-item-inner\">\n\t\t\t\t\t\t\t\t\t<img decoding=\"async\" src=\"https:\/\/old.aria-net.it\/wp-content\/uploads\/2018\/07\/Ilaria.jpg\" alt=\"Ilaria Rossi\" \/>\n\t\t\t\t\t\t\t\t\t<div class=\"normal-text\">\n\t\t\t\t\t\t\t\t\t\t<span class=\"person-name\"><a href=\"https:\/\/old.aria-net.it\/it\/membri\/ilaria-rossi\/\">Ilaria Rossi<\/a><\/span>\n\t\t\t\t\t\t\t\t\t\t<span class=\"person-designation\"><\/span>\n\t\t\t\t\t\t\t\t\t<\/div>\n\t\t\t\t\t\t\t\t\t<div class=\"team-content\">\n\t\t\t\t\t\t\t\t\t\t<div class=\"display-table\">\n\t\t\t\t\t\t\t\t\t\t\t<div class=\"display-table-cell\">\n\t\t\t\t\t\t\t\t\t\t\t  <h3 class=\"team-name\"><a href=\"https:\/\/old.aria-net.it\/it\/membri\/ilaria-rossi\/\">Ilaria Rossi<\/a><\/h3>\n\t\t\t\t\t\t\t\t\t\t\t  <span class=\"team-title\"><\/span>\n\t\t\t\t\t\t\t\t\t\t\t    <div class=\"overlay-element\">\n\t\t\t\t\t\t\t\t\t\t\t        <div class=\"social-icons\">\n\t\t\t\t\t\t\t\t\t\t\t\t\t\t\n\t\t\t\t\t\t\t\t\t\t\t\t\t\t\n\t\t\t\t\t\t\t\t\t\t\t\t\t\t\n\t\t\t\t\t\t\t\t\t\t\t\t\t\t\n\t\t\t\t\t\t\t\t\t\t\t        <\/div>\n\t\t\t\t\t\t\t\t\t\t\t    <\/div>\n\t\t\t\t\t\t\t\t\t\t\t<\/div>\n\t\t\t\t\t\t\t\t\t\t<\/div>\n\t\t\t\t\t\t\t\t\t<\/div>\n\t\t\t\t\t\t\t\t<\/div>\n\t\t\t\t\t\t  \t<\/div>\n\t\t\t  \t\t\t<\/div><\/div><\/div>[\/vc_column][\/vc_row][vc_row][vc_column][\/vc_column][\/vc_row]<\/p>\n","protected":false},"excerpt":{"rendered":"<p>[vc_row css=&#8221;.vc_custom_1605027185835{padding-top: 58px !important;padding-bottom: 0px !important;background-color: #ffffff !important;}&#8221; el_id=&#8221;about-me&#8221;][vc_column width=&#8221;1\/2&#8243;][vc_row_inner][vc_column_inner][\/vc_column_inner][\/vc_row_inner][vc_column_text css=&#8221;.vc_custom_1710776803648{border-top-width: 10px !important;}&#8221;] &nbsp; ARIANET \u00e8 una societ\u00e0 di consulenza che opera&#8230;<\/p>\n","protected":false},"author":1,"featured_media":0,"parent":0,"menu_order":0,"comment_status":"closed","ping_status":"closed","template":"","meta":{"footnotes":""},"class_list":["post-8250","page","type-page","status-publish","hentry"],"_links":{"self":[{"href":"https:\/\/old.aria-net.it\/it\/wp-json\/wp\/v2\/pages\/8250","targetHints":{"allow":["GET"]}}],"collection":[{"href":"https:\/\/old.aria-net.it\/it\/wp-json\/wp\/v2\/pages"}],"about":[{"href":"https:\/\/old.aria-net.it\/it\/wp-json\/wp\/v2\/types\/page"}],"author":[{"embeddable":true,"href":"https:\/\/old.aria-net.it\/it\/wp-json\/wp\/v2\/users\/1"}],"replies":[{"embeddable":true,"href":"https:\/\/old.aria-net.it\/it\/wp-json\/wp\/v2\/comments?post=8250"}],"version-history":[{"count":84,"href":"https:\/\/old.aria-net.it\/it\/wp-json\/wp\/v2\/pages\/8250\/revisions"}],"predecessor-version":[{"id":11315,"href":"https:\/\/old.aria-net.it\/it\/wp-json\/wp\/v2\/pages\/8250\/revisions\/11315"}],"wp:attachment":[{"href":"https:\/\/old.aria-net.it\/it\/wp-json\/wp\/v2\/media?parent=8250"}],"curies":[{"name":"wp","href":"https:\/\/api.w.org\/{rel}","templated":true}]}}